{"id":1888,"date":"2021-05-20T17:22:34","date_gmt":"2021-05-20T15:22:34","guid":{"rendered":"https:\/\/lecouventdossau.com\/en-los-alrededores\/"},"modified":"2024-05-23T20:23:50","modified_gmt":"2024-05-23T18:23:50","slug":"en-los-alrededores","status":"publish","type":"page","link":"https:\/\/lecouventdossau.com\/es\/en-los-alrededores\/","title":{"rendered":"En los alrededores"},"content":{"rendered":"<p>[et_pb_section fb_built=\u00bb1&#8243; _builder_version=\u00bb4.16&#8243; _module_preset=\u00bbdefault\u00bb background_color=\u00bb#fcf4e9&#8243; global_colors_info=\u00bb{}\u00bb][et_pb_row use_custom_gutter=\u00bbon\u00bb _builder_version=\u00bb4.16&#8243; _module_preset=\u00bbdefault\u00bb width=\u00bb100%\u00bb max_width=\u00bb100%\u00bb custom_padding=\u00bb|5%||5%|false|true\u00bb global_colors_info=\u00bb{}\u00bb][et_pb_column type=\u00bb4_4&#8243; _builder_version=\u00bb4.16&#8243; _module_preset=\u00bbdefault\u00bb global_colors_info=\u00bb{}\u00bb][et_pb_text _builder_version=\u00bb4.16&#8243; _module_preset=\u00bbdefault\u00bb custom_padding=\u00bb|5%||5%|false|true\u00bb global_colors_info=\u00bb{}\u00bb]<\/p>\n<h1>Actividades cercanas<\/h1>\n<p>[\/et_pb_text][\/et_pb_column][\/et_pb_row][et_pb_row column_structure=\u00bb2_5,3_5&#8243; use_custom_gutter=\u00bbon\u00bb make_equal=\u00bbon\u00bb _builder_version=\u00bb4.16&#8243; _module_preset=\u00bbdefault\u00bb width=\u00bb100%\u00bb max_width=\u00bb100%\u00bb custom_margin=\u00bb||||false|true\u00bb custom_padding=\u00bb|5%||5%|false|true\u00bb global_colors_info=\u00bb{}\u00bb][et_pb_column type=\u00bb2_5&#8243; _builder_version=\u00bb4.16&#8243; _module_preset=\u00bbdefault\u00bb global_colors_info=\u00bb{}\u00bb][et_pb_gallery gallery_ids=\u00bb487,1246,488,495,1250,1247,486&#8243; fullwidth=\u00bbon\u00bb _builder_version=\u00bb4.19.2&#8243; _module_preset=\u00bbdefault\u00bb custom_margin=\u00bb|1%||1%|false|true\u00bb custom_padding=\u00bb|6%||6%|false|true\u00bb animation_style=\u00bbfade\u00bb auto=\u00bbon\u00bb global_colors_info=\u00bb{}\u00bb][\/et_pb_gallery][\/et_pb_column][et_pb_column type=\u00bb3_5&#8243; module_class=\u00bbcentrer-verticalement\u00bb _builder_version=\u00bb4.16&#8243; _module_preset=\u00bbdefault\u00bb global_colors_info=\u00bb{}\u00bb][et_pb_text _builder_version=\u00bb4.16&#8243; _module_preset=\u00bbdefault\u00bb custom_margin=\u00bb|5%|||false|false\u00bb custom_padding=\u00bb||||false|false\u00bb global_colors_info=\u00bb{}\u00bb]<\/p>\n<p><span style=\"font-size: large;\">\u00a1El valle de Ossau te da la bienvenida y ofrece m\u00faltiples actividades de senderismo, <strong>descubrimiento de sitios naturales excepcionales y patrimonio del hermoso Parque Nacional de los Pirineos<\/strong>! <\/span><\/p>\n<blockquote>\n<p><span style=\"font-size: large; font-family: inherit; font-weight: normal;\"><span style=\"color: #073f00;\"><span style=\"color: #e04d45;\">\u00a1Los excursionistas, ciclistas, pescadores y amantes de la fauna y la flora nunca se cansan de tanta belleza!<\/span><\/span><\/span><\/p>\n<\/blockquote>\n<p><strong>Encuentra varios senderos de monta\u00f1a<\/strong> se\u00f1alizados con tarjetas descargables en la <a href=\"http:\/\/www.valleedossau.com\/randonnees\/pedestre\/circuits-a-la-journee\/\">secci\u00f3n de Senderismo<\/a>. Tambi\u00e9n existe una gu\u00eda de senderismo \u00ab63 rutas en el valle de Ossau\u00bb con todas estas referencias (a la venta por 12 \u20ac en la Maison du Parc en Laruns y en las oficinas de turismo).<\/p>\n<p><strong>Una Aplicaci\u00f3n del Patrimonio \u00abValle de Ossau\u00bb<\/strong> para tel\u00e9fonos m\u00f3viles que ofrece una ruta de interpretaci\u00f3n a trav\u00e9s de <span style=\"color: #004432;\">una red de paneles de interpretaci\u00f3n, mesas de lectura y mesas de orientaci\u00f3n distribuidas en 31 sitios.<\/span> Puedes disfrutar de 6 circuitos patrimoniales en los municipios de R\u00e9b\u00e9nacq, Lys, Arudy, Bielle, Laruns y Eaux-Bonnes.<\/p>\n<p><span style=\"text-decoration: underline;\"><em>Toda la informaci\u00f3n sobre el pueblo de <a href=\"https:\/\/www.valleedossau-tourisme.com\/vallee-dossau\/les-18-villages\/louvie-juzon\">Louvie-Juzon y detalles de actividades<\/a>. Tambi\u00e9n descubre <a href=\"https:\/\/www.chemins-compostelle.com\/\">informaci\u00f3n pr\u00e1ctica para peregrinos<\/a>.<\/em><\/span><\/p>\n<p style=\"text-align: justify;\">\n<p style=\"text-align: justify;\">\n<p>[\/et_pb_text][\/et_pb_column][\/et_pb_row][et_pb_row column_structure=\u00bb1_4,1_4,1_4,1_4&#8243; _builder_version=\u00bb4.19.2&#8243; _module_preset=\u00bbdefault\u00bb background_color=\u00bb#4b6b41&#8243; use_background_color_gradient=\u00bbon\u00bb background_color_gradient_stops=\u00bb#7298f8 0%|#6dc4b4 99%\u00bb global_colors_info=\u00bb{}\u00bb][et_pb_column type=\u00bb1_4&#8243; _builder_version=\u00bb4.19.2&#8243; _module_preset=\u00bbdefault\u00bb global_colors_info=\u00bb{}\u00bb][et_pb_image src=\u00bbhttps:\/\/lecouventdossau.com\/wp-content\/uploads\/2023\/04\/saut_elastique_arudy.jpg\u00bb alt=\u00bbSalto de puenting en Arudy\u00bb title_text=\u00bbsaut_elastique_arudy\u00bb _builder_version=\u00bb4.19.2&#8243; _module_preset=\u00bbdefault\u00bb scroll_fade_enable=\u00bbon\u00bb border_radii=\u00bbon|5px|5px|5px|5px\u00bb box_shadow_style=\u00bbpreset3&#8243; global_colors_info=\u00bb{}\u00bb][\/et_pb_image][\/et_pb_column][et_pb_column type=\u00bb1_4&#8243; _builder_version=\u00bb4.19.2&#8243; _module_preset=\u00bbdefault\u00bb global_colors_info=\u00bb{}\u00bb][et_pb_image src=\u00bbhttps:\/\/lecouventdossau.com\/wp-content\/uploads\/2023\/04\/train-artouste-scaled.jpg\u00bb alt=\u00bbTrenecito de Artouste\u00bb _builder_version=\u00bb4.19.2&#8243; _module_preset=\u00bbdefault\u00bb border_radii=\u00bbon|5px|5px|5px|5px\u00bb box_shadow_style=\u00bbpreset3&#8243; global_colors_info=\u00bb{}\u00bb][\/et_pb_image][\/et_pb_column][et_pb_column type=\u00bb1_4&#8243; _builder_version=\u00bb4.19.2&#8243; _module_preset=\u00bbdefault\u00bb global_colors_info=\u00bb{}\u00bb][et_pb_image src=\u00bbhttps:\/\/lecouventdossau.com\/wp-content\/uploads\/2023\/04\/candice-canyon_descente.jpg\u00bb alt=\u00bbEstaci\u00f3n de esqu\u00ed de Gourette\u00bb title_text=\u00bbcandice-canyon_descente\u00bb _builder_version=\u00bb4.19.2&#8243; _module_preset=\u00bbdefault\u00bb border_radii=\u00bbon|5px|5px|5px|5px\u00bb box_shadow_style=\u00bbpreset3&#8243; global_colors_info=\u00bb{}\u00bb][\/et_pb_image][\/et_pb_column][et_pb_column type=\u00bb1_4&#8243; _builder_version=\u00bb4.19.2&#8243; _module_preset=\u00bbdefault\u00bb global_colors_info=\u00bb{}\u00bb][et_pb_image src=\u00bbhttps:\/\/lecouventdossau.com\/wp-content\/uploads\/2021\/05\/randos_6-1.jpg\u00bb title_text=\u00bbrandos_6&#8243; _builder_version=\u00bb4.19.2&#8243; _module_preset=\u00bbdefault\u00bb border_radii=\u00bbon|5px|5px|5px|5px\u00bb box_shadow_style=\u00bbpreset3&#8243; global_colors_info=\u00bb{}\u00bb][\/et_pb_image][\/et_pb_column][\/et_pb_row][et_pb_row _builder_version=\u00bb4.19.2&#8243; _module_preset=\u00bbdefault\u00bb global_colors_info=\u00bb{}\u00bb][et_pb_column type=\u00bb4_4&#8243; _builder_version=\u00bb4.19.2&#8243; _module_preset=\u00bbdefault\u00bb global_colors_info=\u00bb{}\u00bb][et_pb_text _builder_version=\u00bb4.19.2&#8243; _module_preset=\u00bbdefault\u00bb global_colors_info=\u00bb{}\u00bb]<\/p>\n<p style=\"text-align: justify;\">El Couvent d&#8217;Ossau est\u00e1 a 30 minutos de Pau, a 20 minutos de Juran\u00e7on y Oloron-Sainte-Marie; una proximidad que permite realizar <strong>visitas culturales y festivas<\/strong>: museos, castillos, exposiciones, espect\u00e1culos y conciertos complementan una amplia y variada gama de actividades.<\/p>\n<p style=\"text-align: justify;\"><strong>La gastronom\u00eda bearnesa y las especialidades locales deleitar\u00e1n a todos los paladares. <\/strong> El invierno en el valle de Ossau tambi\u00e9n ofrece una amplia gama de actividades que las monta\u00f1as ofrecen bajo su manto de nieve.<\/p>\n<p style=\"text-align: justify;\"><em><strong>Junto al fuego, el Couvent d&#8217;Ossau te ofrece una etapa acogedora y c\u00e1lida.<\/strong><\/em><\/p>\n<p>[\/et_pb_text][\/et_pb_column][\/et_pb_row][et_pb_row _builder_version=\u00bb4.19.2&#8243; _module_preset=\u00bbdefault\u00bb global_colors_info=\u00bb{}\u00bb][et_pb_column type=\u00bb4_4&#8243; _builder_version=\u00bb4.19.2&#8243; _module_preset=\u00bbdefault\u00bb global_colors_info=\u00bb{}\u00bb][et_pb_gallery gallery_ids=\u00bb650,490,491,494,651,492&#8243; fullwidth=\u00bbon\u00bb _builder_version=\u00bb4.19.2&#8243; _module_preset=\u00bbdefault\u00bb auto=\u00bbon\u00bb global_colors_info=\u00bb{}\u00bb][\/et_pb_gallery][\/et_pb_column][\/et_pb_row][et_pb_row column_structure=\u00bb1_3,1_3,1_3&#8243; use_custom_gutter=\u00bbon\u00bb make_equal=\u00bbon\u00bb _builder_version=\u00bb4.19.2&#8243; _module_preset=\u00bbdefault\u00bb width=\u00bb100%\u00bb max_width=\u00bb100%\u00bb custom_margin=\u00bb||||false|true\u00bb custom_padding=\u00bb|5%||5%|false|true\u00bb global_colors_info=\u00bb{}\u00bb][et_pb_column type=\u00bb1_3&#8243; _builder_version=\u00bb4.16&#8243; _module_preset=\u00bbdefault\u00bb global_colors_info=\u00bb{}\u00bb][et_pb_text _builder_version=\u00bb4.16&#8243; _module_preset=\u00bbdefault\u00bb global_colors_info=\u00bb{}\u00bb]<\/p>\n<h2>Tambi\u00e9n por descubrir<\/h2>\n<h2><\/h2>\n<h2><\/h2>\n<ul>\n<li><span style=\"font-family: inherit; font-weight: normal; font-size: medium;\"><strong>Balnearios y bienestar<\/strong> en los Bains de Secours (S\u00e9vignacq-Meyracq)<\/span><\/li>\n<\/ul>\n<p><span style=\"font-family: inherit; font-weight: normal; font-size: medium;\"><\/span><\/p>\n<ul>\n<li><span style=\"font-family: inherit; font-weight: normal; font-size: medium;\">El <strong>Tren de Artouste<\/strong>, el m\u00e1s alto de Europa (2000 m sobre el nivel del mar), te ofrece la oportunidad original y \u00fanica de acceder a las maravillas de la naturaleza en las monta\u00f1as, de descubrir el Lago de Artouste y de disfrutar de un paisaje pastoral&#8230;<\/span><\/li>\n<\/ul>\n<p><span style=\"font-family: inherit; font-weight: normal; font-size: medium;\"><\/span><\/p>\n<ul>\n<li><span style=\"font-family: inherit; font-weight: normal; font-size: medium;\">El <strong>espacio natural del Lago de Castet<\/strong> es un lugar de paseo familiar. (Dos circuitos de bicicleta de monta\u00f1a tambi\u00e9n hacen parada en el Lago de Castet: el circuito Arudy\/Laruns y el circuito de Lazerque.)<\/span><\/li>\n<\/ul>\n<p><span style=\"font-family: inherit; font-weight: normal; font-size: medium;\"><\/span><\/p>\n<ul>\n<li><span style=\"font-family: inherit; font-weight: normal; font-size: medium;\"><strong>Salto de puenting (Arudy)<\/strong>: Este viaducto de altura moderada con un agujero de agua clara de varios metros de profundidad abre el puenting a todos. \u00a1Seguridad \u00f3ptima y diversi\u00f3n garantizada! <\/span><\/li>\n<\/ul>\n<p><span style=\"font-family: inherit; font-weight: normal; font-size: medium;\"><\/span><\/p>\n<ul><\/ul>\n<p><span style=\"font-family: inherit; font-weight: normal; font-size: medium;\"><\/span><\/p>\n<ul>\n<li><span style=\"font-family: inherit; font-weight: normal; font-size: medium;\"><strong>Actividades de monta\u00f1a <\/strong> en el entorno excepcional del Valle de Ossau (Tirolina, Rafting, Barranquismo, Espeleolog\u00eda, Raquetas de nieve, Senderismo&#8230;)<\/span><br \/>\n<h4><\/h4>\n<p>&nbsp;<\/p>\n<p>&nbsp;<\/p>\n<p>&nbsp;<\/p>\n<p>&nbsp;<\/p>\n<\/li>\n<\/ul>\n<p>[\/et_pb_text][\/et_pb_column][et_pb_column type=\u00bb1_3&#8243; module_class=\u00bbcentrer-verticalement\u00bb _builder_version=\u00bb4.16&#8243; _module_preset=\u00bbdefault\u00bb global_colors_info=\u00bb{}\u00bb][et_pb_gallery gallery_ids=\u00bb1248,1247,1249,1253&#8243; show_title_and_caption=\u00bboff\u00bb show_pagination=\u00bboff\u00bb _builder_version=\u00bb4.19.2&#8243; _module_preset=\u00bbdefault\u00bb border_radii_image=\u00bbon|5px|5px|5px|5px\u00bb box_shadow_style_image=\u00bbpreset3&#8243; global_colors_info=\u00bb{}\u00bb][\/et_pb_gallery][\/et_pb_column][et_pb_column type=\u00bb1_3&#8243; module_class=\u00bbcentrer-verticalement\u00bb _builder_version=\u00bb4.16&#8243; _module_preset=\u00bbdefault\u00bb global_colors_info=\u00bb{}\u00bb][et_pb_text _builder_version=\u00bb4.19.2&#8243; _module_preset=\u00bbdefault\u00bb global_colors_info=\u00bb{}\u00bb]<\/p>\n<ul>\n<li><span style=\"font-family: inherit; font-weight: normal; font-size: medium;\"><strong>Pesca en aguas bravas<\/strong>: La cuenca del r\u00edo Ossau est\u00e1 compuesta por r\u00edos de 1\u00aa categor\u00eda de dominio privado. El pez predominante es la trucha (marr\u00f3n o arco iris): se permiten 10 capturas por d\u00eda y por pescador, con un tama\u00f1o m\u00ednimo de 18 cm.<\/span><\/li>\n<\/ul>\n<p><span style=\"font-family: inherit; font-weight: normal; font-size: medium;\"><\/span><\/p>\n<ul>\n<li><span style=\"font-family: inherit; font-weight: normal; font-size: medium;\"><strong>El Acantilado de los Buitres<\/strong> (Aste-B\u00e9on): Un espacio l\u00fadico e interactivo dedicado a los grandes rapaces del valle.<\/span><\/li>\n<\/ul>\n<p><span style=\"font-family: inherit; font-weight: normal; font-size: medium;\"><\/span><\/p>\n<ul>\n<li><span style=\"font-family: inherit; font-weight: normal; font-size: medium;\"><strong>Los lagos de monta\u00f1a del Valle de Ossau<\/strong>: Lago Bious-Artigues, los lagos de Ayous, Lago Anglas, Lago Artouste, Lago Aule, Lago Isabe, los lagos de Montagnon, Lago Er, Lago Lurien.<\/span><\/li>\n<\/ul>\n<p><span style=\"font-family: inherit; font-weight: normal; font-size: medium;\"><\/span><\/p>\n<ul>\n<li><span style=\"font-size: medium; font-family: inherit; font-weight: normal;\">En invierno, las <strong>estaciones de esqu\u00ed de Artouste, Gourette y La Pierre Saint Martin<\/strong> te ofrecen todas las alegr\u00edas de los deportes de nieve (esqu\u00ed, snowboard) as\u00ed como senderos para raquetas de nieve.<\/span><\/li>\n<\/ul>\n<p><span style=\"text-decoration: underline;\">NOTA<\/span>: <strong>Gu\u00edas de monta\u00f1a<\/strong><br \/><span style=\"color: #003366;\"><strong>R\u00e9mi Thivel<br \/><\/strong><\/span><a href=\"https:\/\/www.remi-thivel.com\/\" target=\"_blank\" rel=\"noopener\">https:\/\/www.remi-thivel.com\/<\/a><\/p>\n<p><span style=\"color: #003366;\"><strong>R\u00e9mi Laborde<\/strong><\/span><br \/><a href=\"https:\/\/www.pointapic.com\/\" target=\"_blank\" rel=\"noopener\">https:\/\/www.pointapic.com\/<\/a><\/p>\n<p><strong>Acompa\u00f1antes<\/strong><br \/><span style=\"color: #003366;\"><strong>Bureau Montagne Vall\u00e9e d&#8217;Ossau<br \/><\/strong><\/span><a href=\"http:\/\/www.pyrenees-ossau-loisirs.com\/\" target=\"_blank\" rel=\"noopener\">www.pyrenees-ossau-loisirs.com<\/a><\/p>\n<p>[\/et_pb_text][\/et_pb_column][\/et_pb_row][et_pb_row column_structure=\u00bb2_5,3_5&#8243; _builder_version=\u00bb4.19.2&#8243; _module_preset=\u00bbdefault\u00bb global_colors_info=\u00bb{}\u00bb][et_pb_column type=\u00bb2_5&#8243; _builder_version=\u00bb4.19.2&#8243; _module_preset=\u00bbdefault\u00bb global_colors_info=\u00bb{}\u00bb][et_pb_text _builder_version=\u00bb4.19.2&#8243; _module_preset=\u00bbdefault\u00bb global_colors_info=\u00bb{}\u00bb]<\/p>\n<ul>\n<li><span style=\"font-family: inherit; font-weight: normal; font-size: medium;\"><span style=\"font-family: inherit; font-weight: normal; font-size: medium;\">Dirigi\u00e9ndose hacia el Col de Marie Blanque, el plateau du B\u00e9nou ofrece un hermoso panorama del valle y las monta\u00f1as circundantes. Es el punto de partida de <strong>muchas rutas de senderismo, caminatas o paseos a caballo<\/strong>.<\/span><\/span>\n<p><span style=\"font-family: inherit; font-weight: normal; font-size: medium;\">Es un lugar destacado del pastoralismo donde uno encuentra, desde la primavera hasta el oto\u00f1o, vacas, caballos y ovejas. (La trashumancia comienza a principios de julio y regresa a finales de septiembre y octubre) En invierno, este plateau se convierte en un campo de juego para actividades en la nieve: trineo, raquetas de nieve&#8230;<\/span><\/p>\n<p><span style=\"font-family: inherit; font-weight: normal; font-size: medium;\"><\/span><\/p>\n<\/li>\n<li><span style=\"font-family: inherit; font-weight: normal; font-size: medium;\">Senderismo: Hay <strong>topogu\u00edas<\/strong> disponibles en el albergue, y compartimos nuestro conocimiento y experiencia de senderismo en el Valle de Ossau.<\/span><\/li>\n<li><span style=\"font-family: inherit; font-weight: normal; font-size: medium;\">Y en internet, el sitio imprescindible <a href=\"https:\/\/www.topopyrenees.com\/\" target=\"_blank\" rel=\"noopener\">Topopyrenees.com<\/a> de Mariano.<\/span><span style=\"font-family: inherit; font-weight: normal; font-size: medium;\"><\/span><\/li>\n<\/ul>\n<p>[\/et_pb_text][\/et_pb_column][et_pb_column type=\u00bb3_5&#8243; _builder_version=\u00bb4.19.2&#8243; _module_preset=\u00bbdefault\u00bb global_colors_info=\u00bb{}\u00bb][et_pb_text _builder_version=\u00bb4.19.2&#8243; _module_preset=\u00bbdefault\u00bb global_colors_info=\u00bb{}\u00bb][\/et_pb_text][et_pb_image src=\u00bbhttps:\/\/lecouventdossau.com\/wp-content\/uploads\/2023\/04\/pic_ossau.jpg\u00bb title_text=\u00bbpic_ossau\u00bb _builder_version=\u00bb4.19.2&#8243; _module_preset=\u00bbdefault\u00bb custom_padding=\u00bb|||0px||\u00bb scroll_fade_enable=\u00bbon\u00bb border_radii=\u00bbon|5px|5px|5px|5px\u00bb border_style_all=\u00bbnone\u00bb box_shadow_style=\u00bbpreset3&#8243; global_colors_info=\u00bb{}\u00bb][\/et_pb_image][\/et_pb_column][\/et_pb_row][\/et_pb_section]<\/p>\n","protected":false},"excerpt":{"rendered":"<p>Actividades cercanas\u00a1El valle de Ossau te da la bienvenida y ofrece m\u00faltiples actividades de senderismo, descubrimiento de sitios naturales excepcionales y patrimonio del hermoso Parque Nacional de los Pirineos! \u00a1Los excursionistas, ciclistas, pescadores y amantes de la fauna y la flora nunca se cansan de tanta belleza! Encuentra varios senderos de monta\u00f1a se\u00f1alizados con tarjetas [&hellip;]<\/p>\n","protected":false},"author":1,"featured_media":0,"parent":0,"menu_order":0,"comment_status":"closed","ping_status":"closed","template":"","meta":{"_et_pb_use_builder":"on","_et_pb_old_content":"","_et_gb_content_width":"","footnotes":""},"class_list":["post-1888","page","type-page","status-publish","hentry"],"yoast_head":"<!-- This site is optimized with the Yoast SEO plugin v26.6 - https:\/\/yoast.com\/wordpress\/plugins\/seo\/ -->\n<title>En los alrededores - Gite d&#039;\u00e9tape en Vall\u00e9e d&#039;Ossau : le couvent d&#039;Ossau - Louvie Juzon<\/title>\n<meta name=\"robots\" content=\"index, follow, max-snippet:-1, max-image-preview:large, max-video-preview:-1\" \/>\n<link rel=\"canonical\" href=\"https:\/\/lecouventdossau.com\/es\/en-los-alrededores\/\" \/>\n<meta property=\"og:locale\" content=\"es_ES\" \/>\n<meta property=\"og:type\" content=\"article\" \/>\n<meta property=\"og:title\" content=\"En los alrededores - Gite d&#039;\u00e9tape en Vall\u00e9e d&#039;Ossau : le couvent d&#039;Ossau - Louvie Juzon\" \/>\n<meta property=\"og:description\" content=\"Actividades cercanas\u00a1El valle de Ossau te da la bienvenida y ofrece m\u00faltiples actividades de senderismo, descubrimiento de sitios naturales excepcionales y patrimonio del hermoso Parque Nacional de los Pirineos! \u00a1Los excursionistas, ciclistas, pescadores y amantes de la fauna y la flora nunca se cansan de tanta belleza! Encuentra varios senderos de monta\u00f1a se\u00f1alizados con tarjetas [&hellip;]\" \/>\n<meta property=\"og:url\" content=\"https:\/\/lecouventdossau.com\/es\/en-los-alrededores\/\" \/>\n<meta property=\"og:site_name\" content=\"le Couvent d&#039;Ossau\" \/>\n<meta property=\"article:publisher\" content=\"https:\/\/www.facebook.com\/Le-Couvent-dOssau-G%c3%aete-d%c3%a9tape-105139881772403\" \/>\n<meta property=\"article:modified_time\" content=\"2024-05-23T18:23:50+00:00\" \/>\n<meta name=\"twitter:card\" content=\"summary_large_image\" \/>\n<meta name=\"twitter:label1\" content=\"Tiempo de lectura\" \/>\n\t<meta name=\"twitter:data1\" content=\"8 minutos\" \/>\n<script type=\"application\/ld+json\" class=\"yoast-schema-graph\">{\"@context\":\"https:\/\/schema.org\",\"@graph\":[{\"@type\":\"WebPage\",\"@id\":\"https:\/\/lecouventdossau.com\/es\/en-los-alrededores\/\",\"url\":\"https:\/\/lecouventdossau.com\/es\/en-los-alrededores\/\",\"name\":\"En los alrededores - Gite d'\u00e9tape en Vall\u00e9e d'Ossau : le couvent d'Ossau - Louvie Juzon\",\"isPartOf\":{\"@id\":\"https:\/\/lecouventdossau.com\/es\/#website\"},\"datePublished\":\"2021-05-20T15:22:34+00:00\",\"dateModified\":\"2024-05-23T18:23:50+00:00\",\"breadcrumb\":{\"@id\":\"https:\/\/lecouventdossau.com\/es\/en-los-alrededores\/#breadcrumb\"},\"inLanguage\":\"es\",\"potentialAction\":[{\"@type\":\"ReadAction\",\"target\":[\"https:\/\/lecouventdossau.com\/es\/en-los-alrededores\/\"]}]},{\"@type\":\"BreadcrumbList\",\"@id\":\"https:\/\/lecouventdossau.com\/es\/en-los-alrededores\/#breadcrumb\",\"itemListElement\":[{\"@type\":\"ListItem\",\"position\":1,\"name\":\"Accueil\",\"item\":\"https:\/\/lecouventdossau.com\/es\/bienvenida\/\"},{\"@type\":\"ListItem\",\"position\":2,\"name\":\"En los alrededores\"}]},{\"@type\":\"WebSite\",\"@id\":\"https:\/\/lecouventdossau.com\/es\/#website\",\"url\":\"https:\/\/lecouventdossau.com\/es\/\",\"name\":\"le Couvent d&#039;Ossau\",\"description\":\"Gite d&#039;\u00e9tape\",\"publisher\":{\"@id\":\"https:\/\/lecouventdossau.com\/es\/#organization\"},\"potentialAction\":[{\"@type\":\"SearchAction\",\"target\":{\"@type\":\"EntryPoint\",\"urlTemplate\":\"https:\/\/lecouventdossau.com\/es\/?s={search_term_string}\"},\"query-input\":{\"@type\":\"PropertyValueSpecification\",\"valueRequired\":true,\"valueName\":\"search_term_string\"}}],\"inLanguage\":\"es\"},{\"@type\":\"Organization\",\"@id\":\"https:\/\/lecouventdossau.com\/es\/#organization\",\"name\":\"le couvent d'Ossau\",\"url\":\"https:\/\/lecouventdossau.com\/es\/\",\"logo\":{\"@type\":\"ImageObject\",\"inLanguage\":\"es\",\"@id\":\"https:\/\/lecouventdossau.com\/es\/#\/schema\/logo\/image\/\",\"url\":\"https:\/\/lecouventdossau.com\/wp-content\/uploads\/2021\/06\/LOGO_Gite_ossau_couvent_OK2_size.jpg\",\"contentUrl\":\"https:\/\/lecouventdossau.com\/wp-content\/uploads\/2021\/06\/LOGO_Gite_ossau_couvent_OK2_size.jpg\",\"width\":1870,\"height\":360,\"caption\":\"le couvent d'Ossau\"},\"image\":{\"@id\":\"https:\/\/lecouventdossau.com\/es\/#\/schema\/logo\/image\/\"},\"sameAs\":[\"https:\/\/www.facebook.com\/Le-Couvent-dOssau-G\u00eete-d\u00e9tape-105139881772403\",\"https:\/\/instagram.com\/lecouventdossau\"]}]}<\/script>\n<!-- \/ Yoast SEO plugin. -->","yoast_head_json":{"title":"En los alrededores - Gite d'\u00e9tape en Vall\u00e9e d'Ossau : le couvent d'Ossau - Louvie Juzon","robots":{"index":"index","follow":"follow","max-snippet":"max-snippet:-1","max-image-preview":"max-image-preview:large","max-video-preview":"max-video-preview:-1"},"canonical":"https:\/\/lecouventdossau.com\/es\/en-los-alrededores\/","og_locale":"es_ES","og_type":"article","og_title":"En los alrededores - Gite d'\u00e9tape en Vall\u00e9e d'Ossau : le couvent d'Ossau - Louvie Juzon","og_description":"Actividades cercanas\u00a1El valle de Ossau te da la bienvenida y ofrece m\u00faltiples actividades de senderismo, descubrimiento de sitios naturales excepcionales y patrimonio del hermoso Parque Nacional de los Pirineos! \u00a1Los excursionistas, ciclistas, pescadores y amantes de la fauna y la flora nunca se cansan de tanta belleza! Encuentra varios senderos de monta\u00f1a se\u00f1alizados con tarjetas [&hellip;]","og_url":"https:\/\/lecouventdossau.com\/es\/en-los-alrededores\/","og_site_name":"le Couvent d&#039;Ossau","article_publisher":"https:\/\/www.facebook.com\/Le-Couvent-dOssau-G%c3%aete-d%c3%a9tape-105139881772403","article_modified_time":"2024-05-23T18:23:50+00:00","twitter_card":"summary_large_image","twitter_misc":{"Tiempo de lectura":"8 minutos"},"schema":{"@context":"https:\/\/schema.org","@graph":[{"@type":"WebPage","@id":"https:\/\/lecouventdossau.com\/es\/en-los-alrededores\/","url":"https:\/\/lecouventdossau.com\/es\/en-los-alrededores\/","name":"En los alrededores - Gite d'\u00e9tape en Vall\u00e9e d'Ossau : le couvent d'Ossau - Louvie Juzon","isPartOf":{"@id":"https:\/\/lecouventdossau.com\/es\/#website"},"datePublished":"2021-05-20T15:22:34+00:00","dateModified":"2024-05-23T18:23:50+00:00","breadcrumb":{"@id":"https:\/\/lecouventdossau.com\/es\/en-los-alrededores\/#breadcrumb"},"inLanguage":"es","potentialAction":[{"@type":"ReadAction","target":["https:\/\/lecouventdossau.com\/es\/en-los-alrededores\/"]}]},{"@type":"BreadcrumbList","@id":"https:\/\/lecouventdossau.com\/es\/en-los-alrededores\/#breadcrumb","itemListElement":[{"@type":"ListItem","position":1,"name":"Accueil","item":"https:\/\/lecouventdossau.com\/es\/bienvenida\/"},{"@type":"ListItem","position":2,"name":"En los alrededores"}]},{"@type":"WebSite","@id":"https:\/\/lecouventdossau.com\/es\/#website","url":"https:\/\/lecouventdossau.com\/es\/","name":"le Couvent d&#039;Ossau","description":"Gite d&#039;\u00e9tape","publisher":{"@id":"https:\/\/lecouventdossau.com\/es\/#organization"},"potentialAction":[{"@type":"SearchAction","target":{"@type":"EntryPoint","urlTemplate":"https:\/\/lecouventdossau.com\/es\/?s={search_term_string}"},"query-input":{"@type":"PropertyValueSpecification","valueRequired":true,"valueName":"search_term_string"}}],"inLanguage":"es"},{"@type":"Organization","@id":"https:\/\/lecouventdossau.com\/es\/#organization","name":"le couvent d'Ossau","url":"https:\/\/lecouventdossau.com\/es\/","logo":{"@type":"ImageObject","inLanguage":"es","@id":"https:\/\/lecouventdossau.com\/es\/#\/schema\/logo\/image\/","url":"https:\/\/lecouventdossau.com\/wp-content\/uploads\/2021\/06\/LOGO_Gite_ossau_couvent_OK2_size.jpg","contentUrl":"https:\/\/lecouventdossau.com\/wp-content\/uploads\/2021\/06\/LOGO_Gite_ossau_couvent_OK2_size.jpg","width":1870,"height":360,"caption":"le couvent d'Ossau"},"image":{"@id":"https:\/\/lecouventdossau.com\/es\/#\/schema\/logo\/image\/"},"sameAs":["https:\/\/www.facebook.com\/Le-Couvent-dOssau-G\u00eete-d\u00e9tape-105139881772403","https:\/\/instagram.com\/lecouventdossau"]}]}},"_links":{"self":[{"href":"https:\/\/lecouventdossau.com\/es\/wp-json\/wp\/v2\/pages\/1888","targetHints":{"allow":["GET"]}}],"collection":[{"href":"https:\/\/lecouventdossau.com\/es\/wp-json\/wp\/v2\/pages"}],"about":[{"href":"https:\/\/lecouventdossau.com\/es\/wp-json\/wp\/v2\/types\/page"}],"author":[{"embeddable":true,"href":"https:\/\/lecouventdossau.com\/es\/wp-json\/wp\/v2\/users\/1"}],"replies":[{"embeddable":true,"href":"https:\/\/lecouventdossau.com\/es\/wp-json\/wp\/v2\/comments?post=1888"}],"version-history":[{"count":2,"href":"https:\/\/lecouventdossau.com\/es\/wp-json\/wp\/v2\/pages\/1888\/revisions"}],"predecessor-version":[{"id":1890,"href":"https:\/\/lecouventdossau.com\/es\/wp-json\/wp\/v2\/pages\/1888\/revisions\/1890"}],"wp:attachment":[{"href":"https:\/\/lecouventdossau.com\/es\/wp-json\/wp\/v2\/media?parent=1888"}],"curies":[{"name":"wp","href":"https:\/\/api.w.org\/{rel}","templated":true}]}}